{"id":32155,"date":"2024-08-21T15:40:50","date_gmt":"2024-08-21T13:40:50","guid":{"rendered":"https:\/\/fairemaerkteschweiz.ch\/telechargements\/"},"modified":"2026-03-13T14:17:56","modified_gmt":"2026-03-13T13:17:56","slug":"telechargements","status":"publish","type":"page","link":"https:\/\/fairemaerkteschweiz.ch\/fr\/telechargements\/","title":{"rendered":"Downloads"},"content":{"rendered":"\t\t<div data-elementor-type=\"wp-page\" data-elementor-id=\"32155\" class=\"elementor elementor-32155 elementor-32136\" data-elementor-post-type=\"page\">\n\t\t\t\t\t\t<section class=\"has_eae_slider elementor-section elementor-top-section elementor-element elementor-element-518e87b elementor-section-height-min-height elementor-section-boxed elementor-section-height-default elementor-section-items-middle\" data-eae-slider=\"96605\" data-id=\"518e87b\" data-element_type=\"section\" data-settings=\"{&quot;background_background&quot;:&quot;classic&quot;}\">\n\t\t\t\t\t\t\t<div class=\"elementor-background-overlay\"><\/div>\n\t\t\t\t\t\t\t<div class=\"elementor-container elementor-column-gap-default\">\n\t\t\t\t\t<div class=\"has_eae_slider elementor-column elementor-col-100 elementor-top-column elementor-element elementor-element-db3323a\" data-eae-slider=\"93610\" data-id=\"db3323a\" data-element_type=\"column\">\n\t\t\t<div class=\"elementor-widget-wrap elementor-element-populated\">\n\t\t\t\t\t\t<div class=\"elementor-element elementor-element-4f362f8 elementor-widget elementor-widget-heading\" data-id=\"4f362f8\" data-element_type=\"widget\" data-widget_type=\"heading.default\">\n\t\t\t\t<div class=\"elementor-widget-container\">\n\t\t\t\t\t<h1 class=\"elementor-heading-title elementor-size-default\">Downloads<\/h1>\t\t\t\t<\/div>\n\t\t\t\t<\/div>\n\t\t\t\t\t<\/div>\n\t\t<\/div>\n\t\t\t\t\t<\/div>\n\t\t<\/section>\n\t\t\t\t<section class=\"has_eae_slider elementor-section elementor-top-section elementor-element elementor-element-e12778c elementor-section-boxed elementor-section-height-default elementor-section-height-default\" data-eae-slider=\"43311\" data-id=\"e12778c\" data-element_type=\"section\">\n\t\t\t\t\t\t<div class=\"elementor-container elementor-column-gap-default\">\n\t\t\t\t\t<div class=\"has_eae_slider elementor-column elementor-col-100 elementor-top-column elementor-element elementor-element-eaec931\" data-eae-slider=\"87066\" data-id=\"eaec931\" data-element_type=\"column\">\n\t\t\t<div class=\"elementor-widget-wrap elementor-element-populated\">\n\t\t\t\t\t\t<div class=\"elementor-element elementor-element-070babb elementor-widget elementor-widget-spacer\" data-id=\"070babb\" data-element_type=\"widget\" data-widget_type=\"spacer.default\">\n\t\t\t\t<div class=\"elementor-widget-container\">\n\t\t\t\t\t\t\t<div class=\"elementor-spacer\">\n\t\t\t<div class=\"elementor-spacer-inner\"><\/div>\n\t\t<\/div>\n\t\t\t\t\t\t<\/div>\n\t\t\t\t<\/div>\n\t\t\t\t\t<\/div>\n\t\t<\/div>\n\t\t\t\t\t<\/div>\n\t\t<\/section>\n\t\t\t\t<section class=\"has_eae_slider elementor-section elementor-top-section elementor-element elementor-element-0fbd98a elementor-section-boxed elementor-section-height-default elementor-section-height-default\" data-eae-slider=\"65755\" data-id=\"0fbd98a\" data-element_type=\"section\">\n\t\t\t\t\t\t<div class=\"elementor-container elementor-column-gap-default\">\n\t\t\t\t\t<div class=\"has_eae_slider elementor-column elementor-col-50 elementor-top-column elementor-element elementor-element-dbbb52c\" data-eae-slider=\"26780\" data-id=\"dbbb52c\" data-element_type=\"column\">\n\t\t\t<div class=\"elementor-widget-wrap elementor-element-populated\">\n\t\t\t\t\t\t<div class=\"elementor-element elementor-element-851dcf9 elementor-widget elementor-widget-text-editor\" data-id=\"851dcf9\" data-element_type=\"widget\" data-widget_type=\"text-editor.default\">\n\t\t\t\t<div class=\"elementor-widget-container\">\n\t\t\t\t\t\t\t\t\t<h2><strong>March\u00e9s \u00e9quitables en Suisse<\/strong><\/h2><h4>Recherche &amp; analyses<\/h4><ul><li><a href=\"https:\/\/fairemaerkteschweiz.ch\/wp-content\/uploads\/2026\/02\/Entwicklung-Produzentenanteile-und-Preise-Analyse-von-Faire-Maerkte-Schweiz-01-2026.pdf\" target=\"_blank\" rel=\"noopener\">Analyse de l&rsquo;\u00e9volution des recettes et des revenus &#8211; 02\/2026<\/a><\/li><li><a href=\"https:\/\/fairemaerkteschweiz.ch\/wp-content\/uploads\/2026\/02\/Positionspapier-AP30-FaireMarkteSchweizFMS-122025.pdf\" target=\"_blank\" rel=\"noopener\">AP30+ Politique agricole &#8211; Prise de position FMS &#8211; 06\/2025<\/a><\/li><li><a href=\"https:\/\/fairemaerkteschweiz.ch\/wp-content\/uploads\/2025\/05\/FMS_Labelvergleich_G-Doc_20250528-2.pdf\" target=\"_blank\" rel=\"noopener\">Comparaison des labels d&rsquo;\u00e9quit\u00e9 05\/2025<\/a><\/li><li><a href=\"https:\/\/fairemaerkteschweiz.ch\/wp-content\/uploads\/2025\/07\/FMS-Projektserie-Diskrepanz-zwischen-Theorie-und-Realitat-2025-1.pdf\" target=\"_blank\" rel=\"noopener\">Factsheet D\u00e9fense contre les importations &#8211; S\u00e9rie de projets 02\/2025<\/a><\/li><li><a href=\"https:\/\/fairemaerkteschweiz.ch\/wp-content\/uploads\/2025\/01\/Faire-Milch-d.mp4\" target=\"_blank\" rel=\"noopener\">Initiative \u00ab\u00a0Faire du lait\u00a0\u00bb &#8211; 01\/2025<\/a><\/li><li><a href=\"https:\/\/fairemaerkteschweiz.ch\/wp-content\/uploads\/2025\/01\/20250121_Positionspapier_zu_Transparenz.docx.pdf\" target=\"_blank\" rel=\"noopener\">Prise de position sur la transparence 01\/2025<\/a><\/li><li><a href=\"https:\/\/fairemaerkteschweiz.ch\/wp-content\/uploads\/2024\/11\/Systemanalyse-landwirtschaftliche-Vorleistungen.pdf\" target=\"_blank\" rel=\"noopener\">Analyse du syst\u00e8me FMS Consommation interm\u00e9diaire de l&rsquo;agriculture &#8211; 11 \/ 2024<\/a><\/li><li><a href=\"https:\/\/fairemaerkteschweiz.ch\/wp-content\/uploads\/2024\/11\/Fazit-Preismonitor-Q3-2024_definitiv-1.pdf\" target=\"_blank\" rel=\"noopener\">Moniteur de prix FMS &#8211; 10 \/ 2024<\/a><\/li><li><a href=\"https:\/\/fairemaerkteschweiz.ch\/wp-content\/uploads\/2024\/11\/Grafiken_Preismonitoring_definitiv.xlsx\" target=\"_blank\" rel=\"noopener\">Graphiques moniteur de prix FMS &#8211; 10 \/ 2024<\/a><\/li><li><a href=\"https:\/\/fairemaerkteschweiz.ch\/wp-content\/uploads\/2024\/02\/Systemanalyse-Wettbewerbsverzerrungen_FMS_D_02-2024-1.pdf\" target=\"_blank\" rel=\"noopener\">Analyse du syst\u00e8me FMS : distorsions de concurrence &#8211; 2024<\/a><\/li><li><a href=\"https:\/\/fairemaerkteschweiz.ch\/wp-content\/uploads\/2024\/03\/20240418_Doku_Milchabrechnungen.pdf\" target=\"_blank\" rel=\"noopener\">Analyse de la documentation des d\u00e9comptes laitiers 04\/2024<\/a><\/li><li><a href=\"https:\/\/fairemaerkteschweiz.ch\/wp-content\/uploads\/2024\/11\/Grafiken_Preismonitoring-1.pdf\" target=\"_blank\" rel=\"noopener\">Moniteur de prix FMS &#8211; 03 \/ 2024<\/a><\/li><li><a href=\"https:\/\/fairemaerkteschweiz.ch\/wp-content\/uploads\/2024\/08\/5_MES_Video_pouvoirdemarche.mp4\" target=\"_blank\" rel=\"noopener\">Vid\u00e9o explicative sur le pouvoir de march\u00e9 &#8211; 01\/2024<\/a><\/li><li><a href=\"https:\/\/fairemaerkteschweiz.ch\/wp-content\/uploads\/2024\/03\/20240418_Doku_Milchabrechnungen.pdf\" target=\"_blank\" rel=\"noopener\">Documentation sur les d\u00e9comptes laitiers FMS &#8211; 2024<\/a><\/li><li><a href=\"https:\/\/fairemaerkteschweiz.ch\/wp-content\/uploads\/2023\/10\/WAK_Faktenblatt-Motion-Knecht.pdf\" target=\"_blank\" rel=\"noopener\">Fiche d&rsquo;information sur la motion Knecht 10\/2023<\/a><\/li><li><a href=\"https:\/\/fairemaerkteschweiz.ch\/wp-content\/uploads\/2023\/10\/Preismonitor_FMS_Preisanalyse_Bio_Konventionell_2023.pdf\" target=\"_blank\" rel=\"noopener\">Moniteur de prix FMS &#8211; 2023<\/a><\/li><li><a href=\"https:\/\/fairemaerkteschweiz.ch\/wp-content\/uploads\/2025\/06\/DemoScope-Umfrage-Faire-Maerkte-Schweiz.pdf\" target=\"_blank\" rel=\"noopener\">Demoscope : enqu\u00eate omnibus FMS &#8211; 2023<\/a><\/li><\/ul><h4>Informations de base<\/h4><ul><li><a href=\"https:\/\/fairemaerkteschweiz.ch\/wp-content\/uploads\/2024\/08\/2_fr_Factsheet_Marches-Equitables-Suisse-2023.pdf\" target=\"_blank\" rel=\"nofollow noopener\">Fiche d&rsquo;information March\u00e9s \u00e9quitables Suisse<\/a> <em>(3mb)<\/em><\/li><li><a href=\"https:\/\/fairemaerkteschweiz.ch\/wp-content\/uploads\/2024\/08\/1_MES_Flyer_A4_A5_F.pdf\" target=\"_blank\" rel=\"nofollow noopener\">Flyer March\u00e9s Foires Suisse<\/a> <em>(2mb)<\/em><\/li><li><a href=\"https:\/\/fairemaerkteschweiz.ch\/wp-content\/uploads\/2024\/08\/4_fr_MES-Portrait.mov\" target=\"_blank\" rel=\"nofollow noopener\">Portrait vid\u00e9o de FMS<\/a> <em>(72mb)<\/em><\/li><li><a href=\"https:\/\/fairemaerkteschweiz.ch\/wp-content\/uploads\/2024\/08\/6_FMS-Visual-DE-hoch-scaled-1.jpeg\" rel=\"nofollow\">FMS visuel \u00e9lev\u00e9<\/a> <em>(741kb)<\/em><\/li><li><a href=\"https:\/\/fairemaerkteschweiz.ch\/wp-content\/uploads\/2024\/08\/7_Visual_MES_2-scaled.jpeg\" rel=\"nofollow noopener\">Recherche visuelle FMS<\/a> <em>(767kb)<\/em><\/li><li><a href=\"https:\/\/fairemaerkteschweiz.ch\/wp-content\/uploads\/2023\/06\/flueckiger.jpeg\" target=\"_blank\" rel=\"noopener\">Portrait-photo : Stefan Fl\u00fcckiger, pr\u00e9sident de March\u00e9s \u00e9quitables Suisse<\/a><\/li><li><a href=\"https:\/\/fairemaerkteschweiz.ch\/wp-content\/uploads\/2025\/08\/stefan_flueckiger_2_BildnachweisStefanTschopp-scaled.jpg\" target=\"_blank\" rel=\"noopener\">Photo portrait 2 : Stefan Fl\u00fcckiger, Pr\u00e9sident March\u00e9s \u00e9quitables Suisse (Photo : Stefan Tschopp)<\/a><\/li><li><a href=\"https:\/\/fairemaerkteschweiz.ch\/wp-content\/uploads\/2023\/07\/bindwanger_new.png\" target=\"_blank\" rel=\"noopener\">Photo portrait : Mathias Binswanger, vice-pr\u00e9sident de la FMS<\/a><\/li><li><a href=\"https:\/\/fairemaerkteschweiz.ch\/wp-content\/uploads\/2024\/08\/DSC_0031-scaled.jpg\" target=\"_blank\" rel=\"noopener\">Photo portrait : St\u00e9phanie Lichtsteiner, co-directrice et chef de projet FMS<\/a><\/li><\/ul><h4>Projet <em>local+fair<\/em><\/h4><ul><li><a href=\"https:\/\/fairemaerkteschweiz.ch\/wp-content\/uploads\/2025\/01\/20250121_Positionspapier_zu_Transparenz.docx.pdf\" target=\"_blank\" rel=\"noopener\">D\u00e9pliant local+fair<\/a> <em>(626kb)<\/em><\/li><\/ul>\t\t\t\t\t\t\t\t<\/div>\n\t\t\t\t<\/div>\n\t\t\t\t\t<\/div>\n\t\t<\/div>\n\t\t\t\t<div class=\"has_eae_slider elementor-column elementor-col-50 elementor-top-column elementor-element elementor-element-3d3fa16\" data-eae-slider=\"39956\" data-id=\"3d3fa16\" data-element_type=\"column\">\n\t\t\t<div class=\"elementor-widget-wrap elementor-element-populated\">\n\t\t\t\t\t\t<div class=\"elementor-element elementor-element-28022ac elementor-widget elementor-widget-image\" data-id=\"28022ac\" data-element_type=\"widget\" data-widget_type=\"image.default\">\n\t\t\t\t<div class=\"elementor-widget-container\">\n\t\t\t\t\t\t\t\t\t\t\t\t\t\t\t<img fetchpriority=\"high\" decoding=\"async\" width=\"683\" height=\"1024\" src=\"https:\/\/fairemaerkteschweiz.ch\/wp-content\/uploads\/2023\/07\/FMS-Visual-DE-hoch-683x1024.jpeg\" class=\"attachment-large size-large wp-image-30013\" alt=\"\" srcset=\"https:\/\/fairemaerkteschweiz.ch\/wp-content\/uploads\/2023\/07\/FMS-Visual-DE-hoch-683x1024.jpeg 683w, https:\/\/fairemaerkteschweiz.ch\/wp-content\/uploads\/2023\/07\/FMS-Visual-DE-hoch-200x300.jpeg 200w, https:\/\/fairemaerkteschweiz.ch\/wp-content\/uploads\/2023\/07\/FMS-Visual-DE-hoch-768x1152.jpeg 768w, https:\/\/fairemaerkteschweiz.ch\/wp-content\/uploads\/2023\/07\/FMS-Visual-DE-hoch-1024x1536.jpeg 1024w, https:\/\/fairemaerkteschweiz.ch\/wp-content\/uploads\/2023\/07\/FMS-Visual-DE-hoch-1365x2048.jpeg 1365w, https:\/\/fairemaerkteschweiz.ch\/wp-content\/uploads\/2023\/07\/FMS-Visual-DE-hoch-scaled.jpeg 1707w\" sizes=\"(max-width: 683px) 100vw, 683px\" \/>\t\t\t\t\t\t\t\t\t\t\t\t\t\t\t<\/div>\n\t\t\t\t<\/div>\n\t\t\t\t\t<\/div>\n\t\t<\/div>\n\t\t\t\t\t<\/div>\n\t\t<\/section>\n\t\t\t\t<\/div>\n\t\t","protected":false},"excerpt":{"rendered":"<p>March\u00e9s \u00e9quitables en Suisse Recherche &amp; analyses Analyse de l&rsquo;\u00e9volution des recettes et des revenus &#8211; 02\/2026 AP30+ Politique agricole &#8211; Prise de position FMS &#8211; 06\/2025 Comparaison des labels d&rsquo;\u00e9quit\u00e9 05\/2025 Factsheet D\u00e9fense contre les importations &#8211; S\u00e9rie de projets 02\/2025 Initiative \u00ab\u00a0Faire du lait\u00a0\u00bb &#8211; 01\/2025 Prise de position sur la transparence 01\/2025 [&hellip;]<\/p>\n","protected":false},"author":12,"featured_media":0,"parent":0,"menu_order":0,"comment_status":"closed","ping_status":"closed","template":"","meta":{"_acf_changed":false,"footnotes":""},"class_list":["post-32155","page","type-page","status-publish","hentry"],"acf":[],"_links":{"self":[{"href":"https:\/\/fairemaerkteschweiz.ch\/fr\/wp-json\/wp\/v2\/pages\/32155","targetHints":{"allow":["GET"]}}],"collection":[{"href":"https:\/\/fairemaerkteschweiz.ch\/fr\/wp-json\/wp\/v2\/pages"}],"about":[{"href":"https:\/\/fairemaerkteschweiz.ch\/fr\/wp-json\/wp\/v2\/types\/page"}],"author":[{"embeddable":true,"href":"https:\/\/fairemaerkteschweiz.ch\/fr\/wp-json\/wp\/v2\/users\/12"}],"replies":[{"embeddable":true,"href":"https:\/\/fairemaerkteschweiz.ch\/fr\/wp-json\/wp\/v2\/comments?post=32155"}],"version-history":[{"count":5,"href":"https:\/\/fairemaerkteschweiz.ch\/fr\/wp-json\/wp\/v2\/pages\/32155\/revisions"}],"predecessor-version":[{"id":35810,"href":"https:\/\/fairemaerkteschweiz.ch\/fr\/wp-json\/wp\/v2\/pages\/32155\/revisions\/35810"}],"wp:attachment":[{"href":"https:\/\/fairemaerkteschweiz.ch\/fr\/wp-json\/wp\/v2\/media?parent=32155"}],"curies":[{"name":"wp","href":"https:\/\/api.w.org\/{rel}","templated":true}]}}